{"id":1027,"date":"2017-06-27T08:02:49","date_gmt":"2017-06-27T06:02:49","guid":{"rendered":"https:\/\/kreyden.ch\/wp\/?page_id=1027"},"modified":"2024-04-24T10:15:43","modified_gmt":"2024-04-24T08:15:43","slug":"home","status":"publish","type":"page","link":"https:\/\/kreyden.ch\/en\/","title":{"rendered":"Practice clinic Kreyden"},"content":{"rendered":"\n<div class=\"wp-block-columns is-layout-flex wp-container-core-columns-is-layout-9d6595d7 wp-block-columns-is-layout-flex\">\n<div class=\"wp-block-column is-layout-flow wp-block-column-is-layout-flow\">\n<h1 class=\"wp-block-heading\">Practice clinic Kreyden<\/h1>\n\n\n\n<p>The Kreyden practice clinic is a specialized dermatology practice in Muttenz near Basel and covers all areas of classic and <a href=\"https:\/\/kreyden.ch\/en\/aesthetic-dermatology-laser-technology\/\">aesthetic dermatology<\/a> . In addition to aesthetic dermatology, this also includes the treatment of excessive sweating ( <a href=\"https:\/\/kreyden.ch\/en\/hyperhidrosis-2\/\">hyperhidrosis<\/a> ) and plastic reconstructive <a href=\"https:\/\/kreyden.ch\/en\/dermatology\/dermatosurgery\/\">surgery<\/a> for tumor diseases.<\/p>\n\n\n\n<p><a href=\"https:\/\/kreyden.ch\/en\/practice-clinic-kreyden\/dr-med-oliver-ph-kreyden\/\">Dr Oliver Ph. Kreyden<\/a> is a pioneer in the field of hyperhidrosis and an internationally recognized expert in the vast field of aesthetic dermatology.<\/p>\n<\/div>\n\n\n\n<div class=\"wp-block-column is-layout-flow wp-block-column-is-layout-flow\">\n<h2 class=\"wp-block-heading\">Make an appointment<\/h2>\n\n\n\n<p><strong>Telephone<\/strong> +41 61 463 88 88<\/p>\n\n\n\n<h3 class=\"wp-block-heading\">Appointment request online<\/h3>\n\n\n<div class=\"frm_forms  with_frm_style frm_style_formidable-style\" id=\"frm_form_8_container\" >\n<form enctype=\"multipart\/form-data\" method=\"post\" class=\"frm-show-form  frm_pro_form \" id=\"form_on2lx3\" >\n<div class=\"frm_form_fields \">\n<fieldset>\n<legend class=\"frm_hidden\">Terminanfrage<\/legend>\r\n\r\n<div class=\"frm_fields_container\">\n<input type=\"hidden\" name=\"frm_action\" value=\"create\" \/>\n<input type=\"hidden\" name=\"form_id\" value=\"8\" \/>\n<input type=\"hidden\" name=\"frm_hide_fields_8\" id=\"frm_hide_fields_8\" value=\"\" \/>\n<input type=\"hidden\" name=\"form_key\" value=\"on2lx3\" \/>\n<input type=\"hidden\" name=\"item_meta[0]\" value=\"\" \/>\n<input type=\"hidden\" id=\"frm_submit_entry_8\" name=\"frm_submit_entry_8\" value=\"fda8e0d24d\" \/><input type=\"hidden\" name=\"_wp_http_referer\" value=\"\/en\/wp-json\/wp\/v2\/pages\/1027\" \/><div id=\"frm_field_91_container\" class=\"frm_form_field form-field  frm_left_container vertical_radio\">\r\n    <label  class=\"frm_primary_label\">Terminvorschlag\r\n        <span class=\"frm_required\"><\/span>\r\n    <\/label>\r\n    <div class=\"frm_opt_container\">\t\t<div class=\"frm_checkbox\" id=\"frm_checkbox_91-1\">\t\t\t<label  for=\"field_8rjk7-1\">\n\t\t\t<input type=\"checkbox\" name=\"item_meta[91][]\" id=\"field_8rjk7-1\" value=\"per Telefon\"  data-invmsg=\"Terminvorschlag is invalid\"   \/> per Telefon<\/label><\/div>\n<\/div>\r\n    \r\n    \r\n<\/div>\n<div id=\"frm_field_271_container\" class=\"frm_form_field form-field  frm_left_container vertical_radio\">\r\n    <label for=\"field_bi83g\" class=\"frm_primary_label\">Telefon bevorzugt\r\n        <span class=\"frm_required\"><\/span>\r\n    <\/label>\r\n    <div class=\"frm_opt_container\">\t\t<div class=\"frm_checkbox\" id=\"frm_checkbox_271-0\">\t\t\t<label  for=\"field_bi83g-0\">\n\t\t\t<input type=\"checkbox\" name=\"item_meta[271][]\" id=\"field_bi83g-0\" value=\"Vormittags\"  data-invmsg=\"Telefon bevorzugt is invalid\"   \/> Vormittags<\/label><\/div>\n\t\t<div class=\"frm_checkbox\" id=\"frm_checkbox_271-1\">\t\t\t<label  for=\"field_bi83g-1\">\n\t\t\t<input type=\"checkbox\" name=\"item_meta[271][]\" id=\"field_bi83g-1\" value=\"Mittags\"  data-invmsg=\"Telefon bevorzugt is invalid\"   \/> Mittags<\/label><\/div>\n\t\t<div class=\"frm_checkbox\" id=\"frm_checkbox_271-2\">\t\t\t<label  for=\"field_bi83g-2\">\n\t\t\t<input type=\"checkbox\" name=\"item_meta[271][]\" id=\"field_bi83g-2\" value=\"Nachmittags\"  data-invmsg=\"Telefon bevorzugt is invalid\"   \/> Nachmittags<\/label><\/div>\n\t\t<div class=\"frm_checkbox\" id=\"frm_checkbox_271-3\">\t\t\t<label  for=\"field_bi83g-3\">\n\t\t\t<input type=\"checkbox\" name=\"item_meta[271][]\" id=\"field_bi83g-3\" value=\"Randzeiten\"  data-invmsg=\"Telefon bevorzugt is invalid\"   \/> Randzeiten<\/label><\/div>\n<\/div>\r\n    \r\n    \r\n<\/div>\n<div id=\"frm_field_295_container\" class=\"frm_form_field frm_section_heading form-field \">\r\n<h3 class=\"frm_pos_left frm_section_spacing\">Ihr Anliegen<\/h3>\r\n\r\n\r\n<div id=\"frm_field_280_container\" class=\"frm_form_field form-field  frm_required_field frm_left_container vertical_radio frm_other_container\">\r\n    <div  id=\"field_3simu_label\" class=\"frm_primary_label\">Ihr Anliegen\r\n        <span class=\"frm_required\">*<\/span>\r\n    <\/div>\r\n    <div class=\"frm_opt_container\" aria-labelledby=\"field_3simu_label\" role=\"group\">\t\t<div class=\"frm_checkbox\" id=\"frm_checkbox_280-295-0\">\t\t\t<label  for=\"field_3simu-0\">\n\t\t\t<input type=\"checkbox\" name=\"item_meta[280][]\" id=\"field_3simu-0\" value=\"Option 1\"  data-sectionid=\"295\"  data-frmlimit=\"11\"  data-reqmsg=\"Dieses Feld darf nicht leer sein.\" data-invmsg=\"Ihr Anliegen is invalid\"   aria-required=\"true\"  \/> Muttermalkontrolle<\/label><\/div>\n\t\t<div class=\"frm_checkbox\" id=\"frm_checkbox_280-295-1\">\t\t\t<label  for=\"field_3simu-1\">\n\t\t\t<input type=\"checkbox\" name=\"item_meta[280][]\" id=\"field_3simu-1\" value=\"Option 2\"  data-sectionid=\"295\"  data-frmlimit=\"11\"  data-reqmsg=\"Dieses Feld darf nicht leer sein.\" data-invmsg=\"Ihr Anliegen is invalid\"   \/> \u00c4sthetik<\/label><\/div>\n\t\t<div class=\"frm_checkbox\" id=\"frm_checkbox_280-295-2\">\t\t\t<label  for=\"field_3simu-2\">\n\t\t\t<input type=\"checkbox\" name=\"item_meta[280][]\" id=\"field_3simu-2\" value=\"Neue Option\"  data-sectionid=\"295\"  data-frmlimit=\"11\"  data-reqmsg=\"Dieses Feld darf nicht leer sein.\" data-invmsg=\"Ihr Anliegen is invalid\"   \/> Hyperhidrose<\/label><\/div>\n\t\t<div class=\"frm_checkbox\" id=\"frm_checkbox_280-295-other_4\">\t\t\t<label  for=\"field_3simu-other_4\">\n\t\t\t<input type=\"checkbox\" name=\"item_meta[280][other_4]\" id=\"field_3simu-other_4\" value=\"Andere\"  data-sectionid=\"295\"  data-frmlimit=\"11\"  data-reqmsg=\"Dieses Feld darf nicht leer sein.\" data-invmsg=\"Ihr Anliegen is invalid\"   \/> Andere<\/label><label for=\"field_3simu-other_4-otext\" class=\"frm_screen_reader frm_hidden\">Andere<\/label><input type=\"text\" id=\"field_3simu-other_4-otext\" class=\"frm_other_input frm_pos_none\"  name=\"item_meta[other][280][other_4]\" value=\"\" \/><\/div>\n<\/div>\r\n    \r\n    \r\n<\/div>\n<div id=\"frm_field_281_container\" class=\"frm_form_field form-field  frm_required_field frm_left_container vertical_radio\">\r\n    <div  id=\"field_bcact_label\" class=\"frm_primary_label\">Sind Sie bereits Patient bei uns?\r\n        <span class=\"frm_required\">*<\/span>\r\n    <\/div>\r\n    <div class=\"frm_opt_container\" aria-labelledby=\"field_bcact_label\" role=\"radiogroup\" aria-required=\"true\">\t\t<div class=\"frm_radio\" id=\"frm_radio_281-295-0\">\t\t\t<label  for=\"field_bcact-0\">\n\t\t\t\t\t<input type=\"radio\" name=\"item_meta[281]\" id=\"field_bcact-0\" value=\"Ja\"\n\t\t data-sectionid=\"295\"  data-reqmsg=\"Dieses Feld darf nicht leer sein.\" data-invmsg=\"Sind Sie bereits Patient bei uns? is invalid\"   \/> Ja<\/label><\/div>\n\t\t<div class=\"frm_radio\" id=\"frm_radio_281-295-1\">\t\t\t<label  for=\"field_bcact-1\">\n\t\t\t\t\t<input type=\"radio\" name=\"item_meta[281]\" id=\"field_bcact-1\" value=\"Nein\"\n\t\t data-sectionid=\"295\"  data-reqmsg=\"Dieses Feld darf nicht leer sein.\" data-invmsg=\"Sind Sie bereits Patient bei uns? is invalid\"   \/> Nein<\/label><\/div>\n<\/div>\r\n    \r\n    \r\n<\/div>\n<div id=\"frm_field_282_container\" class=\"frm_form_field form-field  frm_left_container vertical_radio\">\r\n    <div  id=\"field_vsfs4_label\" class=\"frm_primary_label\">Patient von \r\n        <span class=\"frm_required\"><\/span>\r\n    <\/div>\r\n    <div class=\"frm_opt_container\" aria-labelledby=\"field_vsfs4_label\" role=\"group\">\t\t<div class=\"frm_checkbox\" id=\"frm_checkbox_282-295-0\">\t\t\t<label  for=\"field_vsfs4-0\">\n\t\t\t<input type=\"checkbox\" name=\"item_meta[282][]\" id=\"field_vsfs4-0\" value=\"Option 1\"  data-sectionid=\"295\"  data-invmsg=\"Patient von  is invalid\"   \/> Dr. med. Oliver Ph. Kreyden<\/label><\/div>\n\t\t<div class=\"frm_checkbox\" id=\"frm_checkbox_282-295-1\">\t\t\t<label  for=\"field_vsfs4-1\">\n\t\t\t<input type=\"checkbox\" name=\"item_meta[282][]\" id=\"field_vsfs4-1\" value=\"Option 2\"  data-sectionid=\"295\"  data-invmsg=\"Patient von  is invalid\"   \/> Dr. med. C\u00e9line Folly<\/label><\/div>\n<\/div>\r\n    \r\n    \r\n<\/div>\n<\/div>\n<div id=\"frm_field_291_container\" class=\"frm_form_field frm_section_heading form-field \">\r\n<h3 class=\"frm_pos_left frm_section_spacing\">Personalien<\/h3>\r\n\r\n\r\n<div id=\"frm_field_82_container\" class=\"frm_form_field form-field  frm_required_field frm_left_container\">\r\n    <label for=\"field_aaaox3\" class=\"frm_primary_label\">Anrede\r\n        <span class=\"frm_required\">*<\/span>\r\n    <\/label>\r\n    \t\t<select name=\"item_meta[82]\" id=\"field_aaaox3\"  data-sectionid=\"291\"  data-frmval=\"Bitte ausw\u00e4hlen\" data-reqmsg=\"Dieses Feld darf nicht leer sein.\" aria-required=\"true\" data-invmsg=\"Anrede is invalid\" aria-invalid=\"false\"  >\n\t\t<option  value=\"Bitte ausw\u00e4hlen\" selected='selected'>Bitte ausw\u00e4hlen<\/option><option  value=\"Frau\">Frau<\/option><option  value=\"Herr\">Herr<\/option>\t<\/select>\n\t\r\n    \r\n    \r\n<\/div>\n<div id=\"frm_field_83_container\" class=\"frm_form_field form-field  frm_required_field frm_left_container\">\r\n    <label for=\"field_c4qih3\" class=\"frm_primary_label\">Vorname\r\n        <span class=\"frm_required\">*<\/span>\r\n    <\/label>\r\n    <input  type=\"text\" id=\"field_c4qih3\" name=\"item_meta[83]\" value=\"\"  data-sectionid=\"291\"  data-reqmsg=\"Dieses Feld darf nicht leer sein.\" aria-required=\"true\" data-invmsg=\"Vorname ist ung\u00fcltig\" aria-invalid=\"false\"   \/>\r\n    \r\n    \r\n<\/div>\n<div id=\"frm_field_84_container\" class=\"frm_form_field form-field  frm_required_field frm_left_container\">\r\n    <label for=\"field_ajmni3\" class=\"frm_primary_label\">Name\r\n        <span class=\"frm_required\">*<\/span>\r\n    <\/label>\r\n    <input  type=\"text\" id=\"field_ajmni3\" name=\"item_meta[84]\" value=\"\"  data-sectionid=\"291\"  data-reqmsg=\"Dieses Feld darf nicht leer sein.\" aria-required=\"true\" data-invmsg=\"Name ist ung\u00fcltig\" aria-invalid=\"false\"   \/>\r\n    \r\n    \r\n<\/div>\n<div id=\"frm_field_90_container\" class=\"frm_form_field form-field  frm_required_field frm_left_container\">\r\n    <label for=\"field_14vel\" class=\"frm_primary_label\">Mobile \r\n        <span class=\"frm_required\">*<\/span>\r\n    <\/label>\r\n    <input  type=\"text\" id=\"field_14vel\" name=\"item_meta[90]\" value=\"\"  data-sectionid=\"291\"  data-reqmsg=\"Dieses Feld darf nicht leer sein.\" aria-required=\"true\" data-invmsg=\"Telefon ist ung\u00fcltig\" aria-invalid=\"false\"   \/>\r\n    \r\n    \r\n<\/div>\n<div id=\"frm_field_88_container\" class=\"frm_form_field form-field  frm_required_field frm_left_container\">\r\n    <label for=\"field_jz8i3\" class=\"frm_primary_label\">Email\r\n        <span class=\"frm_required\">*<\/span>\r\n    <\/label>\r\n    <input type=\"email\" id=\"field_jz8i3\" name=\"item_meta[88]\" value=\"\"  data-reqmsg=\"Dieses Feld darf nicht leer sein.\" aria-required=\"true\" data-invmsg=\"Email ist ung\u00fcltig\" aria-invalid=\"false\"  \/>\r\n    \r\n    \r\n<\/div>\n<\/div>\n<div id=\"frm_field_89_container\" class=\"frm_form_field form-field  frm_left_container\">\r\n    <label for=\"field_vr0883\" class=\"frm_primary_label\">Nachricht\r\n        <span class=\"frm_required\"><\/span>\r\n    <\/label>\r\n    <textarea name=\"item_meta[89]\" id=\"field_vr0883\" rows=\"5\"  data-invmsg=\"Nachricht is invalid\" aria-invalid=\"false\"  ><\/textarea>\r\n    \r\n    \r\n<\/div>\n<div id=\"frm_field_273_container\" class=\"frm_form_field form-field  frm_left_container\">\r\n    <div  id=\"field_r2ipp_label\" class=\"frm_primary_label\">\r\n        <span class=\"frm_required\"><\/span>\r\n    <\/div>\r\n    <div  id=\"field_r2ipp\" class=\"frm-g-recaptcha\" data-sitekey=\"6Le93s8qAAAAAMwbMWzJHs06lo-lsBS44dSKWwYd\" data-size=\"invisible\" data-theme=\"light\"><\/div>\r\n    \r\n    \r\n<\/div>\n\t<input type=\"hidden\" name=\"item_key\" value=\"\" \/>\n\t\t\t<div id=\"frm_field_400_container\">\n\t\t\t<label for=\"field_pythn\" >\n\t\t\t\tIf you are human, leave this field blank.\t\t\t<\/label>\n\t\t\t<input  id=\"field_pythn\" type=\"text\" class=\"frm_form_field form-field frm_verify\" name=\"item_meta[400]\" value=\"\"  \/>\n\t\t<\/div>\n\t\t<input name=\"frm_state\" type=\"hidden\" value=\"BpC+vU53yaV6UASpusuoM+OlwMlnZUf9PwkJ8WClkZXWgCgNvHsOvQmBluWu6sLa\" \/><div class=\"frm_submit\">\r\n\r\n<button class=\"frm_button_submit frm_final_submit\" type=\"submit\"   formnovalidate=\"formnovalidate\">Senden<\/button>\r\n\r\n<\/div><\/div>\n<\/fieldset>\n<\/div>\n\n<\/form>\n<\/div>\n<\/div>\n<\/div>\n\n\n<div class=\"pt-cv-wrapper\"><div class=\"pt-cv-view pt-cv-pinterest pt-cv-colsys pt-cv-border pt-cv-bb pt-cv-pginfinite kreyden-piview\" id=\"pt-cv-view-7f8e846j3d\"><div data-id=\"pt-cv-page-1\" class=\"pt-cv-page\" data-cvc=\"1\"><div class=\"col-md-12 col-sm-12 col-xs-12 pt-cv-content-item pt-cv-2-col\"  data-pid=\"5606\"><div class='pt-cv-pinmas'><a href=\"https:\/\/kreyden.ch\/en\/new-medical-bills-from-2026-what-you-need-to-know\/\" class=\"_self pt-cv-href-thumbnail pt-cv-thumb-left cvplbd\" target=\"_self\" ><\/a>\n<div class=\"pt-cv-meta-fields\"><span class=\"entry-date\"> <time datetime=\"2026-01-26T15:34:47+01:00\">26.01.26<\/time><\/span><\/div>\n<h4 class=\"pt-cv-title\"><a href=\"https:\/\/kreyden.ch\/en\/new-medical-bills-from-2026-what-you-need-to-know\/\" class=\"_self cvplbd\" target=\"_self\" >New medical bills from 2026 \u2013 what you need to know<\/a><\/h4>\n<div class=\"pt-cv-content\">Starting in 2026, medical bills in Switzerland will include several changes. A sheet with QR codes will now always be <a href=\"https:\/\/kreyden.ch\/en\/new-medical-bills-from-2026-what-you-need-to-know\/\" class=\"_self pt-cv-readmore pt-cv-textlink cvplbd\" target=\"_self\">weiter<\/a><\/div><\/div><\/div><\/div><\/div><\/div>\t\t\t<style type=\"text\/css\" id=\"pt-cv-inline-style-3d7ee9dudq\">#pt-cv-view-7f8e846j3d .pt-cv-pinmas { padding-top: 15px !important; padding-right: 15px !important; padding-bottom: 15px !important; padding-left: 15px !important; }\n#pt-cv-view-7f8e846j3d  .pt-cv-pinmas   { background-color: #ffffff !important; }\n#pt-cv-view-7f8e846j3d .pt-cv-title a, #pt-cv-view-7f8e846j3d  .panel-title { color: #000000 !important; }\n#pt-cv-view-7f8e846j3d  .pt-cv-title a:hover, #pt-cv-view-7f8e846j3d  .panel-title:hover   { color: 004d75 !important; }\n#pt-cv-view-7f8e846j3d .pt-cv-readmore  { color: #000000 !important; }\n#pt-cv-view-7f8e846j3d .pt-cv-readmore:hover  { color: #004d75 !important; }\n#pt-cv-view-7f8e846j3d  + .pt-cv-pagination-wrapper .pt-cv-more , #pt-cv-view-7f8e846j3d  + .pt-cv-pagination-wrapper .pagination .active a, .pt-cv-pagination[data-sid='7f8e846j3d'] .active a { color: #ffffff !important; background-color: #00aeef !important; }<\/style>\r\n\t\t\t\n\n\n<div class=\"pt-cv-wrapper\"><div class=\"pt-cv-view pt-cv-pinterest pt-cv-colsys pt-cv-border pt-cv-bb pt-cv-pginfinite kreyden-piview\" id=\"pt-cv-view-7a3d645tq6\"><div data-id=\"pt-cv-page-1\" class=\"pt-cv-page\" data-cvc=\"4\"><div class=\"col-md-3 col-sm-6 col-xs-12 pt-cv-content-item pt-cv-1-col\"  data-pid=\"5455\"><div class='pt-cv-pinmas'><div class=\"pt-cv-meta-fields\"><span class=\"entry-date\"> <time datetime=\"2025-02-28T08:34:46+01:00\">28.02.25<\/time><\/span><\/div>\n<h4 class=\"pt-cv-title\"><a href=\"https:\/\/kreyden.ch\/en\/phenol-peeling-how-dangerous-is-cardiotoxity\/\" class=\"_self cvplbd\" target=\"_self\" >Phenol Peeling &#8211; How dangerous is Cardiotoxity<\/a><\/h4>\n<a href=\"https:\/\/kreyden.ch\/en\/phenol-peeling-how-dangerous-is-cardiotoxity\/\" class=\"_self pt-cv-href-thumbnail pt-cv-thumb-default cvplbd\" target=\"_self\" ><\/a>\n<div class=\"pt-cv-content\">Die \u00c4sthetische Dermatologie ist nun eine Kernkompetenz unseres Fachtitels! Welche noch vor dreissig Jahren um die akademische Anerkennung k\u00e4mpfen musste. <a href=\"https:\/\/kreyden.ch\/en\/phenol-peeling-how-dangerous-is-cardiotoxity\/\" class=\"_self pt-cv-readmore pt-cv-textlink cvplbd\" target=\"_self\">weiter<\/a><\/div><\/div><\/div>\n<div class=\"col-md-3 col-sm-6 col-xs-12 pt-cv-content-item pt-cv-1-col\"  data-pid=\"5309\"><div class='pt-cv-pinmas'><div class=\"pt-cv-meta-fields\"><span class=\"entry-date\"> <time datetime=\"2024-03-21T11:18:05+01:00\">21.03.24<\/time><\/span><\/div>\n<h4 class=\"pt-cv-title\"><a href=\"https:\/\/kreyden.ch\/en\/cpc-2023-interview-mit-dr-oliver-kreyden\/\" class=\"_self cvplbd\" target=\"_self\" >CPC 2023 &#8211; Interview mit Dr. Oliver Kreyden<\/a><\/h4>\n<a href=\"https:\/\/kreyden.ch\/en\/cpc-2023-interview-mit-dr-oliver-kreyden\/\" class=\"_self pt-cv-href-thumbnail pt-cv-thumb-default cvplbd\" target=\"_self\" ><img loading=\"lazy\" decoding=\"async\" width=\"650\" height=\"397\" src=\"https:\/\/kreyden.ch\/wp3\/wp-content\/uploads\/2024\/03\/DSCF6164-e1713946143650-650x397.jpg\" class=\"pt-cv-thumbnail img-none skip-lazy \" alt=\"CPC 2023 - Interview mit Dr. Oliver Kreyden\" \/><\/a>\n<div class=\"pt-cv-content\">Letztes Jahr fand die erste \"Chemical Peeling Conference\" im M\u00f6venpick Hotel Basel statt. Das Interview mit Dr. med. Oliver Ph. <a href=\"https:\/\/kreyden.ch\/en\/cpc-2023-interview-mit-dr-oliver-kreyden\/\" class=\"_self pt-cv-readmore pt-cv-textlink cvplbd\" target=\"_self\">weiter<\/a><\/div><\/div><\/div>\n<div class=\"col-md-3 col-sm-6 col-xs-12 pt-cv-content-item pt-cv-1-col\"  data-pid=\"5130\"><div class='pt-cv-pinmas'><div class=\"pt-cv-meta-fields\"><span class=\"entry-date\"> <time datetime=\"2023-12-12T18:29:58+01:00\">12.12.23<\/time><\/span><\/div>\n<h4 class=\"pt-cv-title\"><a href=\"https:\/\/kreyden.ch\/en\/review-of-the-cpc-basel-2023\/\" class=\"_self cvplbd\" target=\"_self\" >Review CPC Basel 2023<\/a><\/h4>\n<a href=\"https:\/\/kreyden.ch\/en\/review-of-the-cpc-basel-2023\/\" class=\"_self pt-cv-href-thumbnail pt-cv-thumb-default cvplbd\" target=\"_self\" ><img loading=\"lazy\" decoding=\"async\" width=\"650\" height=\"433\" src=\"https:\/\/kreyden.ch\/wp3\/wp-content\/uploads\/2023\/12\/DSCF6048-650x433.jpg\" class=\"pt-cv-thumbnail img-none skip-lazy \" alt=\"Review CPC Basel 2023\" \/><\/a>\n<div class=\"pt-cv-content\">The first Chemical Peeling Conference CPC Basel 2023 was a great success... <a href=\"https:\/\/kreyden.ch\/en\/review-of-the-cpc-basel-2023\/\" class=\"_self pt-cv-readmore pt-cv-textlink cvplbd\" target=\"_self\">weiter<\/a><\/div><\/div><\/div>\n<div class=\"col-md-3 col-sm-6 col-xs-12 pt-cv-content-item pt-cv-1-col\"  data-pid=\"4938\"><div class='pt-cv-pinmas'><div class=\"pt-cv-meta-fields\"><span class=\"entry-date\"> <time datetime=\"2023-04-21T12:15:24+02:00\">21.04.23<\/time><\/span><\/div>\n<h4 class=\"pt-cv-title\"><a href=\"https:\/\/kreyden.ch\/en\/lippenbehandlung-beim-facharzt\/\" class=\"_self cvplbd\" target=\"_self\" >Lippenbehandlung geh\u00f6rt in die H\u00e4nden eines Facharztes<\/a><\/h4>\n<a href=\"https:\/\/kreyden.ch\/en\/lippenbehandlung-beim-facharzt\/\" class=\"_self pt-cv-href-thumbnail pt-cv-thumb-default cvplbd\" target=\"_self\" ><img loading=\"lazy\" decoding=\"async\" width=\"480\" height=\"640\" src=\"https:\/\/kreyden.ch\/wp3\/wp-content\/uploads\/2023\/04\/IMG_9168-rotated.jpg\" class=\"pt-cv-thumbnail img-none skip-lazy \" alt=\"Lippenbehandlung geh\u00f6rt in die H\u00e4nden eines Facharztes\" \/><\/a>\n<div class=\"pt-cv-content\">Die Injektion von Hyalurons\u00e4ure in die Lippen erfordert ein hohes Ma\u00df an Geschick und Erfahrung. Wenn sie nicht korrekt durchgef\u00fchrt <a href=\"https:\/\/kreyden.ch\/en\/lippenbehandlung-beim-facharzt\/\" class=\"_self pt-cv-readmore pt-cv-textlink cvplbd\" target=\"_self\">weiter<\/a><\/div><\/div><\/div>\n<div class=\"col-md-3 col-sm-6 col-xs-12 pt-cv-content-item pt-cv-1-col\"  data-pid=\"3855\"><div class='pt-cv-pinmas'><div class=\"pt-cv-meta-fields\"><span class=\"entry-date\"> <time datetime=\"2022-12-22T10:16:07+01:00\">22.12.22<\/time><\/span><\/div>\n<h4 class=\"pt-cv-title\"><a href=\"https:\/\/kreyden.ch\/en\/opening-times-christmas-new-year-2021-2022\/\" class=\"_self cvplbd\" target=\"_self\" >Opening hours Christmas\/New Year 2022\/2023<\/a><\/h4>\n<a href=\"https:\/\/kreyden.ch\/en\/opening-times-christmas-new-year-2021-2022\/\" class=\"_self pt-cv-href-thumbnail pt-cv-thumb-default cvplbd\" target=\"_self\" ><\/a>\n<div class=\"pt-cv-content\">The Kreyden Practice Clinic will remain open on Thursday 29th and Friday 30th December 2022 closed. On Monday 2nd of <a href=\"https:\/\/kreyden.ch\/en\/opening-times-christmas-new-year-2021-2022\/\" class=\"_self pt-cv-readmore pt-cv-textlink cvplbd\" target=\"_self\">weiter<\/a><\/div><\/div><\/div>\n<div class=\"col-md-3 col-sm-6 col-xs-12 pt-cv-content-item pt-cv-1-col\"  data-pid=\"3849\"><div class='pt-cv-pinmas'><div class=\"pt-cv-meta-fields\"><span class=\"entry-date\"> <time datetime=\"2022-12-01T08:01:00+01:00\">01.12.22<\/time><\/span><\/div>\n<h4 class=\"pt-cv-title\"><a href=\"https:\/\/kreyden.ch\/en\/we-are-looking-for-you-dear-mpa\/\" class=\"_self cvplbd\" target=\"_self\" >We are looking for you, dear MPA!<\/a><\/h4>\n<a href=\"https:\/\/kreyden.ch\/en\/we-are-looking-for-you-dear-mpa\/\" class=\"_self pt-cv-href-thumbnail pt-cv-thumb-default cvplbd\" target=\"_self\" ><\/a>\n<div class=\"pt-cv-content\">We are looking for support for our established team. Are you looking for a new position? All information can be <a href=\"https:\/\/kreyden.ch\/en\/we-are-looking-for-you-dear-mpa\/\" class=\"_self pt-cv-readmore pt-cv-textlink cvplbd\" target=\"_self\">weiter<\/a><\/div><\/div><\/div>\n<div class=\"col-md-3 col-sm-6 col-xs-12 pt-cv-content-item pt-cv-1-col\"  data-pid=\"4383\"><div class='pt-cv-pinmas'><div class=\"pt-cv-meta-fields\"><span class=\"entry-date\"> <time datetime=\"2022-07-12T22:28:12+02:00\">12.07.22<\/time><\/span><\/div>\n<h4 class=\"pt-cv-title\"><a href=\"https:\/\/kreyden.ch\/en\/9th-internat-chemical-peeling-live-workshop\/\" class=\"_self cvplbd\" target=\"_self\" >9th Internat. Chemical Peeling Workshop 3rd &amp; 4th of November 2022<\/a><\/h4>\n<a href=\"https:\/\/kreyden.ch\/en\/9th-internat-chemical-peeling-live-workshop\/\" class=\"_self pt-cv-href-thumbnail pt-cv-thumb-default cvplbd\" target=\"_self\" ><img loading=\"lazy\" decoding=\"async\" width=\"520\" height=\"650\" src=\"https:\/\/kreyden.ch\/wp3\/wp-content\/uploads\/2022\/10\/page0-13-520x650.jpg\" class=\"pt-cv-thumbnail img-none skip-lazy \" alt=\"9th Internat. Chemical Peeling Workshop 3rd &amp; 4th of November 2022\" \/><\/a>\n<div class=\"pt-cv-content\">Course with theoretical part with presentation of the various possibilities including indication, pre- and post-management and anesthesia methods. Practical part <a href=\"https:\/\/kreyden.ch\/en\/9th-internat-chemical-peeling-live-workshop\/\" class=\"_self pt-cv-readmore pt-cv-textlink cvplbd\" target=\"_self\">weiter<\/a><\/div><\/div><\/div><\/div><\/div><\/div>\t\t\t<style type=\"text\/css\" id=\"pt-cv-inline-style-54d406brqf\">#pt-cv-view-7a3d645tq6 .pt-cv-pinmas { padding-top: 15px !important; padding-right: 15px !important; padding-bottom: 15px !important; padding-left: 15px !important; }\n#pt-cv-view-7a3d645tq6  .pt-cv-pinmas   { background-color: #ffffff !important; }\n#pt-cv-view-7a3d645tq6 .pt-cv-title a, #pt-cv-view-7a3d645tq6  .panel-title { color: #000000 !important; }\n#pt-cv-view-7a3d645tq6  .pt-cv-title a:hover, #pt-cv-view-7a3d645tq6  .panel-title:hover   { color: 004d75 !important; }\n#pt-cv-view-7a3d645tq6 .pt-cv-readmore  { color: #000000 !important; }\n#pt-cv-view-7a3d645tq6 .pt-cv-readmore:hover  { color: #004d75 !important; }\n#pt-cv-view-7a3d645tq6  + .pt-cv-pagination-wrapper .pt-cv-more , #pt-cv-view-7a3d645tq6  + .pt-cv-pagination-wrapper .pagination .active a, .pt-cv-pagination[data-sid='7a3d645tq6'] .active a { color: #ffffff !important; background-color: #00aeef !important; }<\/style>\r\n\t\t\t\n","protected":false},"excerpt":{"rendered":"<p>Practice clinic Kreyden The Kreyden practice clinic is a specialized dermatology practice in Muttenz near Basel and covers all areas of classic and aesthetic dermatology . In addition to aesthetic dermatology, this also includes the treatment of excessive sweating ( hyperhidrosis ) and plastic reconstructive surgery for tumor diseases. Dr Oliver Ph. Kreyden is a [&hellip;]<\/p>\n","protected":false},"author":1,"featured_media":0,"parent":0,"menu_order":5,"comment_status":"closed","ping_status":"closed","template":"","meta":{"_acf_changed":false,"inline_featured_image":false,"footnotes":"","_links_to":"","_links_to_target":""},"tags":[],"class_list":["post-1027","page","type-page","status-publish","hentry"],"acf":[],"yoast_head":"<!-- This site is optimized with the Yoast SEO plugin v27.1.1 - https:\/\/yoast.com\/product\/yoast-seo-wordpress\/ -->\n<title>Dr Oliver Ph. Kreyden Dermatologist Basel Muttenz - Praxisklinik Kreyden<\/title>\n<meta name=\"description\" content=\"Practice clinic Kreyden, dermatologist, Muttenz near Basel, medical and aesthetic dermatology, hyperhidrosis, dermatosurgery\" \/>\n<meta name=\"robots\" content=\"index, follow, max-snippet:-1, max-image-preview:large, max-video-preview:-1\" \/>\n<link rel=\"canonical\" href=\"https:\/\/kreyden.ch\/en\/\" \/>\n<meta property=\"og:locale\" content=\"en_US\" \/>\n<meta property=\"og:type\" content=\"article\" \/>\n<meta property=\"og:title\" content=\"Dr Oliver Ph. Kreyden Dermatologist Basel Muttenz - Praxisklinik Kreyden\" \/>\n<meta property=\"og:description\" content=\"Practice clinic Kreyden, dermatologist, Muttenz near Basel, medical and aesthetic dermatology, hyperhidrosis, dermatosurgery\" \/>\n<meta property=\"og:url\" content=\"https:\/\/kreyden.ch\/en\/\" \/>\n<meta property=\"og:site_name\" content=\"Praxisklinik Kreyden\" \/>\n<meta property=\"article:publisher\" content=\"https:\/\/www.facebook.com\/praxisklinik.kreyden\/\" \/>\n<meta property=\"article:modified_time\" content=\"2024-04-24T08:15:43+00:00\" \/>\n<meta name=\"twitter:card\" content=\"summary_large_image\" \/>\n<meta name=\"twitter:label1\" content=\"Est. reading time\" \/>\n\t<meta name=\"twitter:data1\" content=\"1 minute\" \/>\n<script type=\"application\/ld+json\" class=\"yoast-schema-graph\">{\"@context\":\"https:\/\/schema.org\",\"@graph\":[{\"@type\":\"WebPage\",\"@id\":\"https:\/\/kreyden.ch\/en\/\",\"url\":\"https:\/\/kreyden.ch\/en\/\",\"name\":\"Dr Oliver Ph. Kreyden Dermatologist Basel Muttenz - Praxisklinik Kreyden\",\"isPartOf\":{\"@id\":\"https:\/\/kreyden.ch\/#website\"},\"datePublished\":\"2017-06-27T06:02:49+00:00\",\"dateModified\":\"2024-04-24T08:15:43+00:00\",\"description\":\"Practice clinic Kreyden, dermatologist, Muttenz near Basel, medical and aesthetic dermatology, hyperhidrosis, dermatosurgery\",\"breadcrumb\":{\"@id\":\"https:\/\/kreyden.ch\/en\/#breadcrumb\"},\"inLanguage\":\"en-US\",\"potentialAction\":[{\"@type\":\"ReadAction\",\"target\":[\"https:\/\/kreyden.ch\/en\/\"]}]},{\"@type\":\"BreadcrumbList\",\"@id\":\"https:\/\/kreyden.ch\/en\/#breadcrumb\",\"itemListElement\":[{\"@type\":\"ListItem\",\"position\":1,\"name\":\"Startseite\",\"item\":\"https:\/\/kreyden.ch\/en\/\"},{\"@type\":\"ListItem\",\"position\":2,\"name\":\"Practice clinic Kreyden\"}]},{\"@type\":\"WebSite\",\"@id\":\"https:\/\/kreyden.ch\/#website\",\"url\":\"https:\/\/kreyden.ch\/\",\"name\":\"Praxisklinik Kreyden\",\"description\":\"Dermatologie, Dermatochirurgie, Lasermedizin, \u00c4sthetik\",\"publisher\":{\"@id\":\"https:\/\/kreyden.ch\/#organization\"},\"potentialAction\":[{\"@type\":\"SearchAction\",\"target\":{\"@type\":\"EntryPoint\",\"urlTemplate\":\"https:\/\/kreyden.ch\/?s={search_term_string}\"},\"query-input\":{\"@type\":\"PropertyValueSpecification\",\"valueRequired\":true,\"valueName\":\"search_term_string\"}}],\"inLanguage\":\"en-US\"},{\"@type\":\"Organization\",\"@id\":\"https:\/\/kreyden.ch\/#organization\",\"name\":\"Praxisklinik Kreyden\",\"url\":\"https:\/\/kreyden.ch\/\",\"logo\":{\"@type\":\"ImageObject\",\"inLanguage\":\"en-US\",\"@id\":\"https:\/\/kreyden.ch\/#\/schema\/logo\/image\/\",\"url\":\"https:\/\/kreyden.ch\/wp3\/wp-content\/uploads\/2018\/03\/Bildschirmfoto-2018-03-11-um-16.56.13.png\",\"contentUrl\":\"https:\/\/kreyden.ch\/wp3\/wp-content\/uploads\/2018\/03\/Bildschirmfoto-2018-03-11-um-16.56.13.png\",\"width\":337,\"height\":86,\"caption\":\"Praxisklinik Kreyden\"},\"image\":{\"@id\":\"https:\/\/kreyden.ch\/#\/schema\/logo\/image\/\"},\"sameAs\":[\"https:\/\/www.facebook.com\/praxisklinik.kreyden\/\",\"https:\/\/www.instagram.com\/praxisklinikkreyden\/\"]}]}<\/script>\n<!-- \/ Yoast SEO plugin. -->","yoast_head_json":{"title":"Dr Oliver Ph. Kreyden Dermatologist Basel Muttenz - Praxisklinik Kreyden","description":"Practice clinic Kreyden, dermatologist, Muttenz near Basel, medical and aesthetic dermatology, hyperhidrosis, dermatosurgery","robots":{"index":"index","follow":"follow","max-snippet":"max-snippet:-1","max-image-preview":"max-image-preview:large","max-video-preview":"max-video-preview:-1"},"canonical":"https:\/\/kreyden.ch\/en\/","og_locale":"en_US","og_type":"article","og_title":"Dr Oliver Ph. Kreyden Dermatologist Basel Muttenz - Praxisklinik Kreyden","og_description":"Practice clinic Kreyden, dermatologist, Muttenz near Basel, medical and aesthetic dermatology, hyperhidrosis, dermatosurgery","og_url":"https:\/\/kreyden.ch\/en\/","og_site_name":"Praxisklinik Kreyden","article_publisher":"https:\/\/www.facebook.com\/praxisklinik.kreyden\/","article_modified_time":"2024-04-24T08:15:43+00:00","twitter_card":"summary_large_image","twitter_misc":{"Est. reading time":"1 minute"},"schema":{"@context":"https:\/\/schema.org","@graph":[{"@type":"WebPage","@id":"https:\/\/kreyden.ch\/en\/","url":"https:\/\/kreyden.ch\/en\/","name":"Dr Oliver Ph. Kreyden Dermatologist Basel Muttenz - Praxisklinik Kreyden","isPartOf":{"@id":"https:\/\/kreyden.ch\/#website"},"datePublished":"2017-06-27T06:02:49+00:00","dateModified":"2024-04-24T08:15:43+00:00","description":"Practice clinic Kreyden, dermatologist, Muttenz near Basel, medical and aesthetic dermatology, hyperhidrosis, dermatosurgery","breadcrumb":{"@id":"https:\/\/kreyden.ch\/en\/#breadcrumb"},"inLanguage":"en-US","potentialAction":[{"@type":"ReadAction","target":["https:\/\/kreyden.ch\/en\/"]}]},{"@type":"BreadcrumbList","@id":"https:\/\/kreyden.ch\/en\/#breadcrumb","itemListElement":[{"@type":"ListItem","position":1,"name":"Startseite","item":"https:\/\/kreyden.ch\/en\/"},{"@type":"ListItem","position":2,"name":"Practice clinic Kreyden"}]},{"@type":"WebSite","@id":"https:\/\/kreyden.ch\/#website","url":"https:\/\/kreyden.ch\/","name":"Praxisklinik Kreyden","description":"Dermatologie, Dermatochirurgie, Lasermedizin, \u00c4sthetik","publisher":{"@id":"https:\/\/kreyden.ch\/#organization"},"potentialAction":[{"@type":"SearchAction","target":{"@type":"EntryPoint","urlTemplate":"https:\/\/kreyden.ch\/?s={search_term_string}"},"query-input":{"@type":"PropertyValueSpecification","valueRequired":true,"valueName":"search_term_string"}}],"inLanguage":"en-US"},{"@type":"Organization","@id":"https:\/\/kreyden.ch\/#organization","name":"Praxisklinik Kreyden","url":"https:\/\/kreyden.ch\/","logo":{"@type":"ImageObject","inLanguage":"en-US","@id":"https:\/\/kreyden.ch\/#\/schema\/logo\/image\/","url":"https:\/\/kreyden.ch\/wp3\/wp-content\/uploads\/2018\/03\/Bildschirmfoto-2018-03-11-um-16.56.13.png","contentUrl":"https:\/\/kreyden.ch\/wp3\/wp-content\/uploads\/2018\/03\/Bildschirmfoto-2018-03-11-um-16.56.13.png","width":337,"height":86,"caption":"Praxisklinik Kreyden"},"image":{"@id":"https:\/\/kreyden.ch\/#\/schema\/logo\/image\/"},"sameAs":["https:\/\/www.facebook.com\/praxisklinik.kreyden\/","https:\/\/www.instagram.com\/praxisklinikkreyden\/"]}]}},"_links":{"self":[{"href":"https:\/\/kreyden.ch\/en\/wp-json\/wp\/v2\/pages\/1027","targetHints":{"allow":["GET"]}}],"collection":[{"href":"https:\/\/kreyden.ch\/en\/wp-json\/wp\/v2\/pages"}],"about":[{"href":"https:\/\/kreyden.ch\/en\/wp-json\/wp\/v2\/types\/page"}],"author":[{"embeddable":true,"href":"https:\/\/kreyden.ch\/en\/wp-json\/wp\/v2\/users\/1"}],"replies":[{"embeddable":true,"href":"https:\/\/kreyden.ch\/en\/wp-json\/wp\/v2\/comments?post=1027"}],"version-history":[{"count":31,"href":"https:\/\/kreyden.ch\/en\/wp-json\/wp\/v2\/pages\/1027\/revisions"}],"predecessor-version":[{"id":5362,"href":"https:\/\/kreyden.ch\/en\/wp-json\/wp\/v2\/pages\/1027\/revisions\/5362"}],"wp:attachment":[{"href":"https:\/\/kreyden.ch\/en\/wp-json\/wp\/v2\/media?parent=1027"}],"wp:term":[{"taxonomy":"post_tag","embeddable":true,"href":"https:\/\/kreyden.ch\/en\/wp-json\/wp\/v2\/tags?post=1027"}],"curies":[{"name":"wp","href":"https:\/\/api.w.org\/{rel}","templated":true}]}}