{"id":115,"date":"2017-06-27T08:50:25","date_gmt":"2017-06-27T08:50:25","guid":{"rendered":"https:\/\/kreyden.ch\/wp\/?page_id=115"},"modified":"2024-05-08T11:50:45","modified_gmt":"2024-05-08T09:50:45","slug":"publikationen","status":"publish","type":"page","link":"https:\/\/kreyden.ch\/en\/praxisklinik-kreyden\/publikationen\/","title":{"rendered":"Publikationen"},"content":{"rendered":"\n<div class=\"wp-block-columns is-layout-flex wp-container-core-columns-is-layout-9d6595d7 wp-block-columns-is-layout-flex\">\n<div class=\"wp-block-column is-layout-flow wp-block-column-is-layout-flow\">\n<h2 class=\"wp-block-heading\">Medizinische Artikel<\/h2>\n\n\n\n<div class=\"wp-block-pb-accordion-item c-accordion__item js-accordion-item no-js\" data-initially-open=\"false\" data-click-to-close=\"true\" data-auto-close=\"true\" data-scroll=\"false\" data-scroll-offset=\"0\"><h3 id=\"at-1150\" class=\"c-accordion__title js-accordion-controller\" role=\"button\">Aesthetische Dermatologie (Allgemein)<\/h3><div id=\"ac-1150\" class=\"c-accordion__content\">\n<ul class=\"wp-block-list\">\n<li><a href=\"https:\/\/kreyden.ch\/wp3\/wp-content\/uploads\/2022\/03\/mE_MAG_220225_SM22_1_Abstract_1_5_Low.png\" data-rel=\"lightbox-image-0\" data-rl_title=\"\" data-rl_caption=\"\" title=\"\">Kosmetische Eingriffe: M\u00e4nner holen auf<\/a>, Kommentar von Dr. med. Oliver Ph. Kreyden, SkinMag M\u00e4rz 2022<\/li>\n\n\n\n<li><a href=\"https:\/\/kreyden.ch\/wp3\/wp-content\/uploads\/2021\/12\/mE_MAG_211209_SM21_4_Kongress_Kreyden_Low.pdf\">Faltenbehandlung und Gesichtsmodellierung, Anwendung moderner Injektionsverfahren<\/a>, SkinMag Dez 2021<\/li>\n\n\n\n<li><a href=\"https:\/\/kreyden.ch\/wp3\/wp-content\/uploads\/2020\/12\/mE_MAG_SM20_4_Low_Kreyden.pdf\" target=\"_blank\" rel=\"noreferrer noopener\">Prinzipien f\u00fcr die Behandlung von M\u00e4nnern in der \u00e4sthetischen Dermatologie<\/a>, SkinMag Dez 2020<\/li>\n\n\n\n<li><a href=\"https:\/\/www.medizinonline.ch\/search\/site\/kreyden\" target=\"_blank\" rel=\"noreferrer noopener\">Artikel in DERMATOLOGIE PRAXIS ab 2013<\/a><\/li>\n\n\n\n<li><a href=\"https:\/\/kreyden.ch\/wp3\/wp-content\/uploads\/2018\/03\/SM1-18_Aesthetisch_6.1_2018.pdf\" target=\"_blank\" rel=\"noreferrer noopener\">Chirurgische Narbenkorrektur? Fr\u00fchestens ein Jahr nach dem Eingriff!<\/a> SkinMag, 2018<\/li>\n\n\n\n<li><a href=\"http:\/\/kreyden-aesthetics.ch\/fileadmin\/user_upload\/Medien_Aesthetik\/alternde-haut.pdf\" target=\"_blank\" rel=\"noreferrer noopener\">Die alternde Haut<\/a> Der informierte Arzt, 06\/2012<\/li>\n\n\n\n<li><a href=\"https:\/\/kreyden.ch\/wp3\/wp-content\/uploads\/2017\/12\/DP5_Interview-schwieriger-Patient.pdf\" target=\"_blank\" rel=\"noreferrer noopener\">Der schwierige Patient<\/a> Dermatologie Praxis, 05\/2012<\/li>\n\n\n\n<li><a href=\"https:\/\/kreyden.ch\/wp3\/wp-content\/uploads\/2017\/12\/12-15_DP5_Fortb-Kreyden.pdf\" target=\"_blank\" rel=\"noreferrer noopener\">Von der ersten Faltenbehandlung bis zum Soft Face Sculptering<\/a> Dermatologie Praxis, 05\/2011<\/li>\n\n\n\n<li><a href=\"https:\/\/kreyden.ch\/wp3\/wp-content\/uploads\/2017\/12\/DP2_11_Prinzipien-f\u00fcr-Beh.-M\u00e4nner.pdf\" target=\"_blank\" rel=\"noreferrer noopener\">Prinzipien f\u00fcr die Behandlung von M\u00e4nnern<\/a> Dermatologie Praxis, 02\/2011<\/li>\n\n\n\n<li><a href=\"http:\/\/kreyden-aesthetics.ch\/fileadmin\/user_upload\/Medien_Aesthetik\/interview-btx-und-maenner.pdf\" target=\"_blank\" rel=\"noreferrer noopener\">M\u00e4nner und \u00c4sthetik &#8211; ein Thema f\u00fcr sich<\/a> DermAktuell, 04\/2010<\/li>\n\n\n\n<li><a href=\"http:\/\/kreyden-aesthetics.ch\/fileadmin\/user_upload\/Medien_Aesthetik\/hohe-ansprueche-aesthetik.pdf\" target=\"_blank\" rel=\"noreferrer noopener\">Anti-Aging. Den hohen Anspr\u00fcchen der \u00c4sthetik gerecht werden<\/a> Dermatologie Praxis, 04\/2009<\/li>\n\n\n\n<li><a href=\"http:\/\/kreyden-aesthetics.ch\/fileadmin\/user_upload\/Medien_Aesthetik\/evidenz-basierte-ae-derm.pdf\" target=\"_blank\" rel=\"noreferrer noopener\">Evidenzbasierte \u00e4sthetische Dermatologie: Einige Regeln zur perfekten Therapie<\/a> Dermatologie Praxis, 04\/2009<\/li>\n\n\n\n<li><a href=\"http:\/\/kreyden-aesthetics.ch\/fileadmin\/user_upload\/Medien_Aesthetik\/aesthetik-fluch-oder-segen.pdf\" target=\"_blank\" rel=\"noreferrer noopener\">Sch\u00f6nheit und \u00c4sthetik in der Dermatologie<\/a> Dermatologie Praxis, 06\/2007<\/li>\n\n\n\n<li><a href=\"http:\/\/kreyden-aesthetics.ch\/fileadmin\/user_upload\/Medien_Aesthetik\/plaedoyer-fuer-aesthetsiche-medizin.pdf\" target=\"_blank\" rel=\"noreferrer noopener\">Pl\u00e4doyer f\u00fcr eine \u00c4sthetische Dermatologie: Nur eine Oberfl\u00e4chlikeits-Disziplin oder vielleicht doch mehr?<\/a> Dermatologie Praxis, 05\/2007<\/li>\n\n\n\n<li><a href=\"http:\/\/kreyden-aesthetics.ch\/fileadmin\/user_upload\/Medien_Dermatologie\/ome-der-haut.pdf\" target=\"_blank\" rel=\"noreferrer noopener\">Management bei Verdacht auf Hautkrebs: Die drei-OME der Haut und ihre operative Therapie<\/a> Dermatologie Praxis, 05\/2007<\/li>\n\n\n\n<li><a href=\"http:\/\/kreyden-aesthetics.ch\/fileadmin\/user_upload\/Medien_Dermatologie\/pod-falsche-selbsttherapie.pdf\" target=\"_blank\" rel=\"noreferrer noopener\">Ein h\u00e4ufig verkanntes Krankheitsbild: Periorale Dermatitis durch falsche Pflege- und Selbstbehandlung<\/a> Dermatologie Praxis, 02\/2007<\/li>\n\n\n\n<li><a href=\"http:\/\/kreyden-aesthetics.ch\/fileadmin\/user_upload\/Medien_Aesthetik\/wann-wunsch-schoenheit-gefaehrlich-editorial.pdf\" target=\"_blank\" rel=\"noreferrer noopener\">Anti-Ageing: Wann wird der Wunsch nach Sch\u00f6nheit gef\u00e4hrlich?<\/a> Dermatologie Praxis, 03\/2005<\/li>\n\n\n\n<li><a href=\"http:\/\/kreyden-aesthetics.ch\/fileadmin\/user_upload\/Medien_Dermatologie\/sonnenbrand-und-allergie.pdf\" target=\"_blank\" rel=\"noreferrer noopener\">Erste Hilfe bei Sonnenbrand<\/a> Hautnah Dermatologie, 03\/2005<\/li>\n\n\n\n<li><a href=\"http:\/\/kreyden-aesthetics.ch\/fileadmin\/user_upload\/Medien_Dermatologie\/sonnenschutz-bz.pdf\" target=\"_blank\" rel=\"noreferrer noopener\">Sonnenschutz gegen Hautkrebs<\/a> Hautnah Schweiz, 04\/2002<\/li>\n\n\n\n<li><strong>A case of pemphigus vulgaris involving the mucous membranes and the esophagus.<\/strong> Kreyden O.Ph., Burg G., Sasse B., Tr\u00fceb R.M. In press.<\/li>\n<\/ul>\n<\/div><\/div>\n\n\n\n<div class=\"wp-block-pb-accordion-item c-accordion__item js-accordion-item no-js\" data-initially-open=\"false\" data-click-to-close=\"true\" data-auto-close=\"true\" data-scroll=\"false\" data-scroll-offset=\"0\"><h3 id=\"at-1151\" class=\"c-accordion__title js-accordion-controller\" role=\"button\">Botulinum<\/h3><div id=\"ac-1151\" class=\"c-accordion__content\">\n<ul class=\"wp-block-list\">\n<li><a href=\"https:\/\/kreyden.ch\/wp3\/wp-content\/uploads\/2020\/09\/SM_200318_20_1_Botox_DrKreyden_Low.pdf\" target=\"_blank\" rel=\"noreferrer noopener\">&#8220;Botulinum &#8211; \u00dcberlegungen zu einem hochwirksamen Medikament&#8221;<\/a>, SkinMag M\u00e4rz 2020<\/li>\n\n\n\n<li><a href=\"https:\/\/www.medizinonline.ch\/search\/site\/kreyden\" target=\"_blank\" rel=\"noreferrer noopener\">Artikel in DERMATOLOGIE PRAXIS ab 2013<\/a><\/li>\n\n\n\n<li><a href=\"http:\/\/kreyden-aesthetics.ch\/fileadmin\/user_upload\/Medien_Aesthetik\/btx-technique-follows-function.pdf\" target=\"_blank\" rel=\"noreferrer noopener\">Botulinum Toxin in Aesthetic Indication &#8211; Technique Follows Function<\/a> European Dermatology, 2009<\/li>\n\n\n\n<li><a href=\"http:\/\/kreyden-aesthetics.ch\/fileadmin\/user_upload\/Medien_Aesthetik\/btx-glaettung-hyperfktl-falten.pdf\" target=\"_blank\" rel=\"noreferrer noopener\">Botulinum Toxin A zur Gl\u00e4ttung von hyperfunktionalen Gesichtsfalten<\/a> Medicos, 04\/2002<\/li>\n\n\n\n<li><strong>Botulinum toxin in psychiatric patients. A case of dysmorphophobia.<\/strong> Kreyden O. Ph., Heckmann M., Peschen M. Arch Dermatol. In press.<\/li>\n<\/ul>\n<\/div><\/div>\n\n\n\n<div class=\"wp-block-pb-accordion-item c-accordion__item js-accordion-item no-js\" data-initially-open=\"false\" data-click-to-close=\"true\" data-auto-close=\"true\" data-scroll=\"false\" data-scroll-offset=\"0\"><h3 id=\"at-1152\" class=\"c-accordion__title js-accordion-controller\" role=\"button\">Filler<\/h3><div id=\"ac-1152\" class=\"c-accordion__content\">\n<ul class=\"wp-block-list\">\n<li><a href=\"https:\/\/www.medizinonline.ch\/search\/site\/kreyden\" target=\"_blank\" rel=\"noreferrer noopener\">Artikel in DERMATOLOGIE PRAXIS ab 2013<\/a><\/li>\n\n\n\n<li><a href=\"https:\/\/kreyden.ch\/wp3\/wp-content\/uploads\/2017\/12\/DP4_10.pdf\" target=\"_blank\" rel=\"noreferrer noopener\">Fillerbehandlung ist heute mehr als nur Faltenunterspritzung<\/a> Dermatologie Praxis, 04\/2010<\/li>\n\n\n\n<li><a href=\"http:\/\/kreyden-aesthetics.ch\/fileadmin\/user_upload\/Medien_Aesthetik\/ohrlaeppchen.pdf\" target=\"_blank\" rel=\"noreferrer noopener\">Augmentation mit Hyalurons\u00e4ure &#8211; Der Weg zum knackigen Ohrl\u00e4ppchen<\/a> Dermatologie Praxis, 01\/2009<\/li>\n<\/ul>\n<\/div><\/div>\n\n\n\n<div class=\"wp-block-pb-accordion-item c-accordion__item js-accordion-item no-js\" data-initially-open=\"false\" data-click-to-close=\"true\" data-auto-close=\"true\" data-scroll=\"false\" data-scroll-offset=\"0\"><h3 id=\"at-1153\" class=\"c-accordion__title js-accordion-controller\" role=\"button\">Peeling<\/h3><div id=\"ac-1153\" class=\"c-accordion__content\">\n<ul class=\"wp-block-list\">\n<li><a href=\"https:\/\/kreyden.ch\/wp3\/wp-content\/uploads\/2023\/05\/Dermatologica-Helvetica_Focus_Chemical-Peeling_Acne.pdf\">Chemical Peeling in the indication of acne and acne scars<\/a>, Dermatologica Helvetica 02\/2023<\/li>\n\n\n\n<li><a href=\"https:\/\/kreyden.ch\/wp3\/wp-content\/uploads\/2023\/03\/mE_MAG_230321_SM23_1_ChemischePeelings.pdf\">Methoden zur Gesichtsverj\u00fcngung &#8211; Chemische Peelings im Vergleich<\/a>, SkinMag\/M\u00e4rz 2023<\/li>\n\n\n\n<li><a href=\"https:\/\/kreyden.ch\/wp3\/wp-content\/uploads\/2022\/09\/mE_MAG_220915_SM22_3_S24_26_PhotoPeel.pdf\">Photopeel &#8211; Wertvolle Kombination zweier Techniken<\/a>, SkinMag\/Sep 2022<\/li>\n\n\n\n<li><a href=\"https:\/\/kreyden.ch\/wp3\/wp-content\/uploads\/2021\/10\/mE_MAG_210916_SM21_3_Low_Kreyden.pdf\">Das Peeling erlebt zu Recht eine Renaissance<\/a>, SkinMag\/Sep 2021<\/li>\n\n\n\n<li><a href=\"https:\/\/www.medizinonline.ch\/search\/site\/kreyden\" target=\"_blank\" rel=\"noreferrer noopener\">Artikel in DERMAOTOLOGIE PRAXIS<\/a><\/li>\n\n\n\n<li><a href=\"https:\/\/kreyden.ch\/wp3\/wp-content\/uploads\/2017\/12\/Tiefe-Peelings-richtig-machen.pdf\" target=\"_blank\" rel=\"noreferrer noopener\">Tiefe Peelings richtig machen<\/a> \u00c4sthetische Dermatologie, 2\/2013<\/li>\n\n\n\n<li><a href=\"https:\/\/kreyden.ch\/wp3\/wp-content\/uploads\/2017\/12\/Interview-Peeling.pdf\" target=\"_blank\" rel=\"noreferrer noopener\">Chemical Peeling: Wiederentdeckung einer \u00e4usserst effektiven Behandlung<\/a> Kosmetische Medizin, 2\/2013<\/li>\n<\/ul>\n<\/div><\/div>\n\n\n\n<div class=\"wp-block-pb-accordion-item c-accordion__item js-accordion-item no-js\" data-initially-open=\"false\" data-click-to-close=\"true\" data-auto-close=\"true\" data-scroll=\"false\" data-scroll-offset=\"0\"><h3 id=\"at-1154\" class=\"c-accordion__title js-accordion-controller\" role=\"button\">Hyperhidrose<\/h3><div id=\"ac-1154\" class=\"c-accordion__content\">\n<ul class=\"wp-block-list\">\n<li><a href=\"https:\/\/kreyden.ch\/wp3\/wp-content\/uploads\/2023\/08\/mE_MAG_211209_SM21_4_Abstract_Kreyden_Low.pdf\">H\u00e4matidrose &#8211; wenn Menschen Blut schwitzen<\/a>, SkinMag\/Dez 2021<\/li>\n\n\n\n<li><a href=\"https:\/\/kreyden.ch\/wp3\/wp-content\/uploads\/2021\/10\/mE_MAG_210916_SM21_3_Low_Schwitzen.pdf\">Therapeutisches Management der Hyperhidrose<\/a>, SkinMag\/Sep 2021<\/li>\n\n\n\n<li><a href=\"https:\/\/kreyden.ch\/wp3\/wp-content\/uploads\/2021\/06\/SM21_2_intermedzo_4.1.pdf\">Bromhidrose: Es liegt etwas in der Luft<\/a>, SkinMag\/Jun 2021<\/li>\n\n\n\n<li><a href=\"Geruchswahrnehmung: Ich kann Dich nicht riechen\">Geruchswahrnehmung: Ich kann Dich nicht riechen<\/a>, SkinMag\/Mrz 2021<\/li>\n\n\n\n<li><a href=\"https:\/\/kreyden.ch\/wp3\/wp-content\/uploads\/2020\/10\/SM_200910_20_3_Kreyden_v2.pdf\">\u00dcberm\u00e4ssiges Schwitzen, State of the Art der Hyperhidrose-Therapie<\/a>, SkinMag\/Sep 2020<\/li>\n\n\n\n<li><a rel=\"noreferrer noopener\" href=\"https:\/\/www.medizinonline.ch\/search\/site\/kreyden\" target=\"_blank\">Artikel in DERMATOLOGIE PRAXIS ab 2013<\/a><\/li>\n\n\n\n<li><a rel=\"noreferrer noopener\" href=\"https:\/\/kreyden.ch\/wp3\/wp-content\/uploads\/2017\/12\/Kreyden-Km-2-208.pdf\" target=\"_blank\">Essentielle fokale Hyperhidrose &#8211; Krankheit oder Lifestyle-Erkrankung?<\/a> Kosmetische Medizin, 2\/2008<\/li>\n\n\n\n<li><a rel=\"noreferrer noopener\" href=\"https:\/\/kreyden.ch\/wp3\/wp-content\/uploads\/2017\/12\/Geruchswelten.pdf\" target=\"_blank\">Geruchswelten: Deodorantien und Antitranspirantien unter der Lupe<\/a> Der Deutsche Dermatologe, 4\/2004<\/li>\n\n\n\n<li><a rel=\"noreferrer noopener\" href=\"http:\/\/hyperhidrose.ch\/fileadmin\/user_upload\/Medien_Hyperhidrose\/btx-in-management-of-focal-hh.pdf\" target=\"_blank\">Botulinumtoxin A in der Therapie der Hyperhidrose: Die gifte L\u00f6sung aus der Flasche.<\/a> Medicos, 5\/2002<\/li>\n\n\n\n<li><a rel=\"noreferrer noopener\" href=\"http:\/\/hyperhidrose.ch\/fileadmin\/user_upload\/Medien_Hyperhidrose\/botulinumtoxin-a.pdf\" target=\"_blank\">Botulinum Toxin in the Management of Focal Hyperhidrosis.<\/a> Medicos, 5\/2002<\/li>\n\n\n\n<li><strong>\u00dcber die Schwitzsucht und die K\u00f6rperger\u00fcche<\/strong> In: Die Haut, in der wir leben. Burg G, Geiges Ml, R&amp;R Sachbuchverlag, 2001<\/li>\n\n\n\n<li><strong>Die Hyperhidrose-Sprechstunde<\/strong> In: 85 Jahre Universit\u00e4tsklinik f\u00fcr Dermatologie und Venerologie in Z\u00fcrich 1916 \u2013 2001, Eine Bilanz der letzten 10 Jahre. Nestle FO, Dummer R, Steinkopff Verlag, 2001<\/li>\n\n\n\n<li><strong>Hyperhidrosis and botulinum toxin in dermatology<\/strong> editor: Kreyden OP, Burg G, Karger Verlag, 2001<\/li>\n\n\n\n<li><a rel=\"noreferrer noopener\" href=\"https:\/\/kreyden.ch\/wp3\/wp-content\/uploads\/2017\/12\/Vom-Gift-zum-Medikament-BTX.pdf\" target=\"_blank\">Vom Gift zum Medikament BTX<\/a> Hautarzt, 51\/2000<\/li>\n\n\n\n<li><strong>Botulinumtoxin A: Die giftige L\u00f6sung in der Behandlung der Hyperhidrose.<\/strong> Kreyden, B\u00f6ni R., Burg G. Hautnah. 2000 (2) 46 \u2013 50.<\/li>\n\n\n\n<li><strong>Die Giftspritze gegen Schwitzen. Botulinumtoxin A in der Behandlung der Hyperhidrose.<\/strong> Kreyden O. Ph. Schweiz. \u00c4rztezeit. 1999 80: (48) 2821 \u2013 25.<\/li>\n<\/ul>\n\n\n\n<p><\/p>\n<\/div><\/div>\n<\/div>\n\n\n\n<div class=\"wp-block-column is-layout-flow wp-block-column-is-layout-flow\">\n<h2 class=\"wp-block-heading\">Wissenschaftliche Artikel<\/h2>\n\n\n\n<h3 class=\"wp-block-heading\">Publikationen auf PubMed<\/h3>\n\n\n\n<ul class=\"wp-block-list\">\n<li>25 Years IMCAS<br>Dr. med. Oliver Kreyden<br>2024 Februar<br>Dermatologica Helvetica<\/li>\n\n\n\n<li><a href=\"https:\/\/www.ncbi.nlm.nih.gov\/pubmed\/25608700\" target=\"_blank\" rel=\"noreferrer noopener\">The satisfied patient in aesthetic dermatology. Consensus work on patient satisfaction in botulinum toxin A treatment.<\/a> Kreyden OP, Rzany B, Becker-Wegerich P, Boudny-Frey C, Carrozza-Merlani P, Hess-Schmid M, Schlagenhauff B; Swiss Group of Esthetic Dermatology and Skincare (SGEDS). Hautarzt. 2015 Feb;66(2):131-6.<\/li>\n\n\n\n<li><a rel=\"noreferrer noopener\" href=\"https:\/\/www.ncbi.nlm.nih.gov\/pubmed\/19825529\" target=\"_blank\">Internet based health promotion campaign against skin cancer &#8211; Results of www.skincheck.ch in Switzerland.<\/a> Barysch MJ, Cozzio A, Kolm I, Hrdlicka SR, Brand C, Hunger R, Kreyden O, Schaffner R, Zaugg T, Dummer R. Eur J Dermatol. 2010 Jan-Feb;20(1):109-14.<\/li>\n\n\n\n<li><a rel=\"noreferrer noopener\" href=\"https:\/\/www.ncbi.nlm.nih.gov\/pubmed\/17168868\" target=\"_blank\">Antiaging &#8211; a scientific topic or just a social trend?<\/a> Kreyden OP. J Cosmet Dermatol. 2005 Dec;4(4):228-9.<\/li>\n\n\n\n<li><a rel=\"noreferrer noopener\" href=\"https:\/\/www.ncbi.nlm.nih.gov\/pubmed\/17166108\" target=\"_blank\">Iontophoresis for palmoplantar hyperhidrosis.<\/a> Kreyden OP. J Cosmet Dermatol. 2004 Dec;3(4):211-4.<\/li>\n\n\n\n<li><a rel=\"noreferrer noopener\" href=\"https:\/\/www.ncbi.nlm.nih.gov\/pubmed\/15606505\" target=\"_blank\">The place of botulinum toxin type A in the treatment of focal hyperhidrosis.<\/a> Lowe N, Campanati A, Bodokh I, Cliff S, Jaen P, Kreyden O, Naumann M, Offidani A, Vadoud J, Hamm H. Br J Dermatol. 2004 Dec;151(6):1115-22.<\/li>\n\n\n\n<li><a rel=\"noreferrer noopener\" href=\"https:\/\/www.ncbi.nlm.nih.gov\/pubmed\/15158544\" target=\"_blank\">Anatomy of the sweat glands, pharmacology of botulinum toxin, and distinctive syndromes associated with hyperhidrosis.<\/a> Kreyden OP, Scheidegger EP. Clin Dermatol. 2004 Jan-Feb;22(1):40-4.<\/li>\n\n\n\n<li><a rel=\"noreferrer noopener\" href=\"https:\/\/www.ncbi.nlm.nih.gov\/pubmed\/12471712\" target=\"_blank\">Rare forms of hyperhidrosis.<\/a> Kreyden OP. Curr Probl Dermatol. 2002;30:178-87.<\/li>\n\n\n\n<li><a rel=\"noreferrer noopener\" href=\"https:\/\/www.ncbi.nlm.nih.gov\/pubmed\/12471708\" target=\"_blank\">Complications and side-effects of botulinum toxin A.<\/a> Schaffner R, Kreyden OP. Curr Probl Dermatol. 2002;30:141-8.<\/li>\n\n\n\n<li><a rel=\"noreferrer noopener\" href=\"https:\/\/www.ncbi.nlm.nih.gov\/pubmed\/12471706\" target=\"_blank\">Storage and dilution of botulinum toxin.<\/a> Klein AW, Kreyden OP. Curr Probl Dermatol. 2002;30:126-30.<\/li>\n\n\n\n<li><a rel=\"noreferrer noopener\" href=\"https:\/\/www.ncbi.nlm.nih.gov\/pubmed\/12471702\" target=\"_blank\">Botulinum toxin: from poison to pharmaceutical. The history of a poison that became useful to mankind.<\/a> Kreyden OP. Curr Probl Dermatol. 2002;30:94-100.<\/li>\n\n\n\n<li><a rel=\"noreferrer noopener\" href=\"https:\/\/www.ncbi.nlm.nih.gov\/pubmed\/12471698\" target=\"_blank\">Tap water iontophoresis.<\/a> Anliker MD, Kreyden OP. Curr Probl Dermatol. 2002;30:48-56.<\/li>\n\n\n\n<li><a rel=\"noreferrer noopener\" href=\"https:\/\/www.ncbi.nlm.nih.gov\/pubmed\/11939827\" target=\"_blank\">Delusional hyperhidrosis as a risk for medical overtreatment: a case of botulinophilia.<\/a> Kreyden OP, Heckmann M, Peschen M. Arch Dermatol. 2002 Apr;138(4):538-9.<\/li>\n\n\n\n<li><a rel=\"noreferrer noopener\" href=\"https:\/\/www.ncbi.nlm.nih.gov\/pubmed\/11910868\" target=\"_blank\">Comment on W. Harth and R. Linse: &#8220;Botulinophilia&#8221;.<\/a> Kreyden OP. Hautarzt. 2001 Dec;52(12):1141-2.<\/li>\n\n\n\n<li><a rel=\"noreferrer noopener\" href=\"https:\/\/www.ncbi.nlm.nih.gov\/pubmed\/11735712\" target=\"_blank\">Idiopathic localized unilateral hyperhidrosis: case report of successful treatment with botulinum toxin type A and review of the literature.<\/a> Kreyden OP, Schmid-Grendelmeier P, Burg G. Arch Dermatol. 2001 Dec;137(12):1622-5.<\/li>\n\n\n\n<li><a rel=\"noreferrer noopener\" href=\"https:\/\/www.ncbi.nlm.nih.gov\/pubmed\/11552321\" target=\"_blank\">Treatment of hyperfunctional facial lines with botulinum toxin.<\/a> B\u00f6ni R, Kargl A, Kreyden OP, Burg G. Praxis (Bern 1994). 2001 Aug 23;90(34):1408-12.<\/li>\n\n\n\n<li><a rel=\"noreferrer noopener\" href=\"https:\/\/www.ncbi.nlm.nih.gov\/pubmed\/11382124\" target=\"_blank\">Case report on therapy with granulocyte stimulating factor in diabetic foot.<\/a> Kreyden OP, Hafner J, Burg G, Nestle FO. Hautarzt. 2001 Apr;52(4):327-30.<\/li>\n\n\n\n<li><a rel=\"noreferrer noopener\" href=\"https:\/\/www.ncbi.nlm.nih.gov\/pubmed\/11284073\" target=\"_blank\">Successful therapy with tetracycline and nicotinamide in cicatricial pemphigoid.<\/a> Kreyden OP, Borradori L, Tr\u00fceb RM, Burg G, Nestle FO. Hautarzt. 2001 Mar;52(3):247-50.<\/li>\n\n\n\n<li><a rel=\"noreferrer noopener\" href=\"https:\/\/www.ncbi.nlm.nih.gov\/pubmed\/11153358\" target=\"_blank\">Botulinum toxin: from poison to drug. A historical review.<\/a> Kreyden OP, Geiges ML, B\u00f6ni R, Burg G. Hautarzt. 2000 Oct;51(10):733-7.<\/li>\n\n\n\n<li><a rel=\"noreferrer noopener\" href=\"https:\/\/www.ncbi.nlm.nih.gov\/pubmed\/11059029\" target=\"_blank\">When cats scratch].<\/a> Schad K, Kreyden OP, Tr\u00fceb RM. Schweiz Med Wochenschr. 2000 Sep 30;130(39):1382.<\/li>\n\n\n\n<li><a rel=\"noreferrer noopener\" href=\"https:\/\/www.ncbi.nlm.nih.gov\/pubmed\/10971942\" target=\"_blank\">Toxin treatment of sweat pearls. A review of the treatment of hyperhidrosis with a special view of a new therapy option using botulinum toxin A.<\/a> Kreyden OP, Burg G. Schweiz Med Wochenschr. 2000 Jul 25;130(29-30):1084-90.<\/li>\n\n\n\n<li><a rel=\"noreferrer noopener\" href=\"https:\/\/www.ncbi.nlm.nih.gov\/pubmed\/10894957\" target=\"_blank\">Revival of the use of botulinum toxin: application in dermatology.<\/a> B\u00f6ni R, Kreyden OP, Burg G. Dermatology. 2000;200(4):287-91.<\/li>\n\n\n\n<li><a rel=\"noreferrer noopener\" href=\"https:\/\/www.ncbi.nlm.nih.gov\/pubmed\/10859980\" target=\"_blank\">Type A botulinum toxin: a new methods in treating focal hyperhidrosis. A summary of various possibilities in hyperhidrosis therapy with special emphasis type A botulinum toxin injections.<\/a> Kreyden OP, B\u00f6ni R, Burg G. Praxis (Bern 1994). 2000 May 18;89(21):909-15.<\/li>\n\n\n\n<li><a rel=\"noreferrer noopener\" href=\"https:\/\/www.ncbi.nlm.nih.gov\/pubmed\/10504452\" target=\"_blank\">T cells and T cell-derived cytokines as pathogenic factors in the nonallergic form of atopic dermatitis.<\/a> Akdis CA, Akdis M, Simon D, Dibbert B, Weber M, Gratzl S, Kreyden O, Disch R, W\u00fcthrich B, Blaser K, Simon HU. J Invest Dermatol. 1999 Oct;113(4):628-34.<\/li>\n\n\n\n<li><a rel=\"noreferrer noopener\" href=\"https:\/\/www.ncbi.nlm.nih.gov\/pubmed\/10384150\" target=\"_blank\">Skin homing (cutaneous lymphocyte-associated antigen-positive) CD8+ T cells respond to superantigen and contribute to eosinophilia and IgE production in atopic dermatitis.<\/a> Akdis M, Simon HU, Weigl L, Kreyden O, Blaser K, Akdis CA. J Immunol. 1999 Jul 1;163(1):466-75.<\/li>\n\n\n\n<li><a rel=\"noreferrer noopener\" href=\"https:\/\/www.ncbi.nlm.nih.gov\/pubmed\/10374048\" target=\"_blank\">Role of T cells and cytokines in the intrinsic form of atopic dermatitis.<\/a> Akdis CA, Akdis M, Simon D, Dibbert B, Weber M, Gratzl S, Kreyden O, Disch R, W\u00fcthrich B, Blaser K, Simon HU. Curr Probl Dermatol. 1999;28:37-44.<\/li>\n\n\n\n<li><a href=\"https:\/\/www.ncbi.nlm.nih.gov\/pubmed\/8927957\" target=\"_blank\" rel=\"noreferrer noopener\">11 cases of anal Bowen&#8217;s disease.<\/a> Kreyden OP, Herzog U, Ackermann C, Schuppisser JP, Spichtin HP, Tondelli P. Schweiz Med Wochenschr. 1996 Sep 7;126(36):1536-40.<\/li>\n<\/ul>\n<\/div>\n<\/div>\n","protected":false},"excerpt":{"rendered":"<p>Medizinische Artikel Wissenschaftliche Artikel Publikationen auf PubMed<\/p>\n","protected":false},"author":1,"featured_media":0,"parent":110,"menu_order":10,"comment_status":"closed","ping_status":"closed","template":"","meta":{"_acf_changed":false,"inline_featured_image":false,"footnotes":"","_links_to":"","_links_to_target":""},"tags":[],"class_list":["post-115","page","type-page","status-publish","hentry"],"acf":[],"yoast_head":"<!-- This site is optimized with the Yoast SEO plugin v27.1.1 - https:\/\/yoast.com\/product\/yoast-seo-wordpress\/ -->\n<title>Publikationen Dr. med. Oliver Ph. Kreyden - Praxisklinik Kreyden, Basel<\/title>\n<meta name=\"description\" content=\"Medizinische und wissenschaftliche (Pubmed) Artikel von Dr. Oliver Ph. Kreyden zu verschiedenen dermatologischen Themen\" \/>\n<meta name=\"robots\" content=\"index, follow, max-snippet:-1, max-image-preview:large, max-video-preview:-1\" \/>\n<link rel=\"canonical\" href=\"https:\/\/kreyden.ch\/praxisklinik-kreyden\/publikationen\/\" \/>\n<meta property=\"og:locale\" content=\"en_US\" \/>\n<meta property=\"og:type\" content=\"article\" \/>\n<meta property=\"og:title\" content=\"Publikationen Dr. med. Oliver Ph. Kreyden - Praxisklinik Kreyden, Basel\" \/>\n<meta property=\"og:description\" content=\"Medizinische und wissenschaftliche (Pubmed) Artikel von Dr. Oliver Ph. Kreyden zu verschiedenen dermatologischen Themen\" \/>\n<meta property=\"og:url\" content=\"https:\/\/kreyden.ch\/praxisklinik-kreyden\/publikationen\/\" \/>\n<meta property=\"og:site_name\" content=\"Praxisklinik Kreyden\" \/>\n<meta property=\"article:publisher\" content=\"https:\/\/www.facebook.com\/praxisklinik.kreyden\/\" \/>\n<meta property=\"article:modified_time\" content=\"2024-05-08T09:50:45+00:00\" \/>\n<meta name=\"twitter:card\" content=\"summary_large_image\" \/>\n<meta name=\"twitter:label1\" content=\"Est. reading time\" \/>\n\t<meta name=\"twitter:data1\" content=\"7 minutes\" \/>\n<script type=\"application\/ld+json\" class=\"yoast-schema-graph\">{\"@context\":\"https:\/\/schema.org\",\"@graph\":[{\"@type\":\"WebPage\",\"@id\":\"https:\/\/kreyden.ch\/praxisklinik-kreyden\/publikationen\/\",\"url\":\"https:\/\/kreyden.ch\/praxisklinik-kreyden\/publikationen\/\",\"name\":\"Publikationen Dr. med. Oliver Ph. Kreyden - Praxisklinik Kreyden, Basel\",\"isPartOf\":{\"@id\":\"https:\/\/kreyden.ch\/#website\"},\"datePublished\":\"2017-06-27T08:50:25+00:00\",\"dateModified\":\"2024-05-08T09:50:45+00:00\",\"description\":\"Medizinische und wissenschaftliche (Pubmed) Artikel von Dr. Oliver Ph. Kreyden zu verschiedenen dermatologischen Themen\",\"breadcrumb\":{\"@id\":\"https:\/\/kreyden.ch\/praxisklinik-kreyden\/publikationen\/#breadcrumb\"},\"inLanguage\":\"en-US\",\"potentialAction\":[{\"@type\":\"ReadAction\",\"target\":[\"https:\/\/kreyden.ch\/praxisklinik-kreyden\/publikationen\/\"]}]},{\"@type\":\"BreadcrumbList\",\"@id\":\"https:\/\/kreyden.ch\/praxisklinik-kreyden\/publikationen\/#breadcrumb\",\"itemListElement\":[{\"@type\":\"ListItem\",\"position\":1,\"name\":\"Startseite\",\"item\":\"https:\/\/kreyden.ch\/en\/\"},{\"@type\":\"ListItem\",\"position\":2,\"name\":\"Praxisklinik Kreyden\",\"item\":\"https:\/\/kreyden.ch\/praxisklinik-kreyden\/\"},{\"@type\":\"ListItem\",\"position\":3,\"name\":\"Publikationen\"}]},{\"@type\":\"WebSite\",\"@id\":\"https:\/\/kreyden.ch\/#website\",\"url\":\"https:\/\/kreyden.ch\/\",\"name\":\"Praxisklinik Kreyden\",\"description\":\"Dermatologie, Dermatochirurgie, Lasermedizin, \u00c4sthetik\",\"publisher\":{\"@id\":\"https:\/\/kreyden.ch\/#organization\"},\"potentialAction\":[{\"@type\":\"SearchAction\",\"target\":{\"@type\":\"EntryPoint\",\"urlTemplate\":\"https:\/\/kreyden.ch\/?s={search_term_string}\"},\"query-input\":{\"@type\":\"PropertyValueSpecification\",\"valueRequired\":true,\"valueName\":\"search_term_string\"}}],\"inLanguage\":\"en-US\"},{\"@type\":\"Organization\",\"@id\":\"https:\/\/kreyden.ch\/#organization\",\"name\":\"Praxisklinik Kreyden\",\"url\":\"https:\/\/kreyden.ch\/\",\"logo\":{\"@type\":\"ImageObject\",\"inLanguage\":\"en-US\",\"@id\":\"https:\/\/kreyden.ch\/#\/schema\/logo\/image\/\",\"url\":\"https:\/\/kreyden.ch\/wp3\/wp-content\/uploads\/2018\/03\/Bildschirmfoto-2018-03-11-um-16.56.13.png\",\"contentUrl\":\"https:\/\/kreyden.ch\/wp3\/wp-content\/uploads\/2018\/03\/Bildschirmfoto-2018-03-11-um-16.56.13.png\",\"width\":337,\"height\":86,\"caption\":\"Praxisklinik Kreyden\"},\"image\":{\"@id\":\"https:\/\/kreyden.ch\/#\/schema\/logo\/image\/\"},\"sameAs\":[\"https:\/\/www.facebook.com\/praxisklinik.kreyden\/\",\"https:\/\/www.instagram.com\/praxisklinikkreyden\/\"]}]}<\/script>\n<!-- \/ Yoast SEO plugin. -->","yoast_head_json":{"title":"Publikationen Dr. med. Oliver Ph. Kreyden - Praxisklinik Kreyden, Basel","description":"Medizinische und wissenschaftliche (Pubmed) Artikel von Dr. Oliver Ph. Kreyden zu verschiedenen dermatologischen Themen","robots":{"index":"index","follow":"follow","max-snippet":"max-snippet:-1","max-image-preview":"max-image-preview:large","max-video-preview":"max-video-preview:-1"},"canonical":"https:\/\/kreyden.ch\/praxisklinik-kreyden\/publikationen\/","og_locale":"en_US","og_type":"article","og_title":"Publikationen Dr. med. Oliver Ph. Kreyden - Praxisklinik Kreyden, Basel","og_description":"Medizinische und wissenschaftliche (Pubmed) Artikel von Dr. Oliver Ph. Kreyden zu verschiedenen dermatologischen Themen","og_url":"https:\/\/kreyden.ch\/praxisklinik-kreyden\/publikationen\/","og_site_name":"Praxisklinik Kreyden","article_publisher":"https:\/\/www.facebook.com\/praxisklinik.kreyden\/","article_modified_time":"2024-05-08T09:50:45+00:00","twitter_card":"summary_large_image","twitter_misc":{"Est. reading time":"7 minutes"},"schema":{"@context":"https:\/\/schema.org","@graph":[{"@type":"WebPage","@id":"https:\/\/kreyden.ch\/praxisklinik-kreyden\/publikationen\/","url":"https:\/\/kreyden.ch\/praxisklinik-kreyden\/publikationen\/","name":"Publikationen Dr. med. Oliver Ph. Kreyden - Praxisklinik Kreyden, Basel","isPartOf":{"@id":"https:\/\/kreyden.ch\/#website"},"datePublished":"2017-06-27T08:50:25+00:00","dateModified":"2024-05-08T09:50:45+00:00","description":"Medizinische und wissenschaftliche (Pubmed) Artikel von Dr. Oliver Ph. Kreyden zu verschiedenen dermatologischen Themen","breadcrumb":{"@id":"https:\/\/kreyden.ch\/praxisklinik-kreyden\/publikationen\/#breadcrumb"},"inLanguage":"en-US","potentialAction":[{"@type":"ReadAction","target":["https:\/\/kreyden.ch\/praxisklinik-kreyden\/publikationen\/"]}]},{"@type":"BreadcrumbList","@id":"https:\/\/kreyden.ch\/praxisklinik-kreyden\/publikationen\/#breadcrumb","itemListElement":[{"@type":"ListItem","position":1,"name":"Startseite","item":"https:\/\/kreyden.ch\/en\/"},{"@type":"ListItem","position":2,"name":"Praxisklinik Kreyden","item":"https:\/\/kreyden.ch\/praxisklinik-kreyden\/"},{"@type":"ListItem","position":3,"name":"Publikationen"}]},{"@type":"WebSite","@id":"https:\/\/kreyden.ch\/#website","url":"https:\/\/kreyden.ch\/","name":"Praxisklinik Kreyden","description":"Dermatologie, Dermatochirurgie, Lasermedizin, \u00c4sthetik","publisher":{"@id":"https:\/\/kreyden.ch\/#organization"},"potentialAction":[{"@type":"SearchAction","target":{"@type":"EntryPoint","urlTemplate":"https:\/\/kreyden.ch\/?s={search_term_string}"},"query-input":{"@type":"PropertyValueSpecification","valueRequired":true,"valueName":"search_term_string"}}],"inLanguage":"en-US"},{"@type":"Organization","@id":"https:\/\/kreyden.ch\/#organization","name":"Praxisklinik Kreyden","url":"https:\/\/kreyden.ch\/","logo":{"@type":"ImageObject","inLanguage":"en-US","@id":"https:\/\/kreyden.ch\/#\/schema\/logo\/image\/","url":"https:\/\/kreyden.ch\/wp3\/wp-content\/uploads\/2018\/03\/Bildschirmfoto-2018-03-11-um-16.56.13.png","contentUrl":"https:\/\/kreyden.ch\/wp3\/wp-content\/uploads\/2018\/03\/Bildschirmfoto-2018-03-11-um-16.56.13.png","width":337,"height":86,"caption":"Praxisklinik Kreyden"},"image":{"@id":"https:\/\/kreyden.ch\/#\/schema\/logo\/image\/"},"sameAs":["https:\/\/www.facebook.com\/praxisklinik.kreyden\/","https:\/\/www.instagram.com\/praxisklinikkreyden\/"]}]}},"_links":{"self":[{"href":"https:\/\/kreyden.ch\/en\/wp-json\/wp\/v2\/pages\/115","targetHints":{"allow":["GET"]}}],"collection":[{"href":"https:\/\/kreyden.ch\/en\/wp-json\/wp\/v2\/pages"}],"about":[{"href":"https:\/\/kreyden.ch\/en\/wp-json\/wp\/v2\/types\/page"}],"author":[{"embeddable":true,"href":"https:\/\/kreyden.ch\/en\/wp-json\/wp\/v2\/users\/1"}],"replies":[{"embeddable":true,"href":"https:\/\/kreyden.ch\/en\/wp-json\/wp\/v2\/comments?post=115"}],"version-history":[{"count":20,"href":"https:\/\/kreyden.ch\/en\/wp-json\/wp\/v2\/pages\/115\/revisions"}],"predecessor-version":[{"id":5365,"href":"https:\/\/kreyden.ch\/en\/wp-json\/wp\/v2\/pages\/115\/revisions\/5365"}],"up":[{"embeddable":true,"href":"https:\/\/kreyden.ch\/en\/wp-json\/wp\/v2\/pages\/110"}],"wp:attachment":[{"href":"https:\/\/kreyden.ch\/en\/wp-json\/wp\/v2\/media?parent=115"}],"wp:term":[{"taxonomy":"post_tag","embeddable":true,"href":"https:\/\/kreyden.ch\/en\/wp-json\/wp\/v2\/tags?post=115"}],"curies":[{"name":"wp","href":"https:\/\/api.w.org\/{rel}","templated":true}]}}